{"id":10611,"date":"2023-12-21T18:55:44","date_gmt":"2023-12-21T17:55:44","guid":{"rendered":"https:\/\/congresoaepap.org\/2025\/?page_id=10611"},"modified":"2025-06-11T17:02:42","modified_gmt":"2025-06-11T16:02:42","slug":"home","status":"publish","type":"page","link":"https:\/\/congresoaepap.org\/2025\/","title":{"rendered":"Home"},"content":{"rendered":"<div class=\"wpb-content-wrapper\">[vc_row fullwidth=\u00bbtrue\u00bb][vc_column css=\u00bb.vc_custom_1740867971077{margin-top: -20px !important;border-top-width: -20px !important;padding-top: -20px !important;}\u00bb][mk_edge_slider first_el=\u00bbtrue\u00bb swiper_bg=\u00bb\u00bb order=\u00bbASC\u00bb orderby=\u00bbpost__in\u00bb full_height=\u00bbfalse\u00bb height=\u00bb400&#8243; animation_effect=\u00bbfade\u00bb animation_speed=\u00bb800&#8243; direction_nav=\u00bbthumbflip\u00bb pagination=\u00bbsmall_dot_stroke\u00bb skip_arrow=\u00bbfalse\u00bb slides=\u00bb12077, 12069&#8243;][\/vc_column][\/vc_row][vc_row fullwidth=\u00bbtrue\u00bb fullwidth_content=\u00bbfalse\u00bb attached=\u00bbtrue\u00bb css=\u00bb.vc_custom_1740867057323{background-color: #F2F2F2 !important;border-color: #FFFFFF !important;}\u00bb][vc_column][vc_row_inner][vc_column_inner][\/vc_column_inner][\/vc_row_inner][vc_column_text css=\u00bb.vc_custom_1726206244354{margin-bottom: -20px !important;border-bottom-width: -20px !important;padding-bottom: -20px !important;}\u00bb]<img loading=\"lazy\" decoding=\"async\" class=\"alignnone wp-image-11648 size-full\" src=\"https:\/\/congresoaepap.org\/2025\/wp-content\/uploads\/2024\/09\/banner-21-congreso-1000x200_sebgar-scaled-1.gif\" alt=\"\" width=\"2560\" height=\"512\" \/>[\/vc_column_text][vc_row_inner attached=\u00bbtrue\u00bb column_padding=\u00bb2&#8243; css=\u00bb.vc_custom_1726206297630{background-color: #F2F2F2 !important;border-color: #FFFFFF !important;}\u00bb][vc_column_inner width=\u00bb1\/4&#8243;][mk_padding_divider][mk_custom_box padding_vertical=\u00bb10&#8243; padding_horizental=\u00bb15&#8243; margin_bottom=\u00bb0&#8243; min_height=\u00bb20&#8243; drop_shadow=\u00bbtrue\u00bb][mk_fancy_title margin_bottom=\u00bb0&#8243; font_family=\u00bbnone\u00bb]<img loading=\"lazy\" decoding=\"async\" class=\"alignnone wp-image-11325 size-medium\" src=\"https:\/\/congresoaepap.org\/2025\/wp-content\/uploads\/2024\/07\/victoria_martinez_rubio-252x300.jpg\" alt=\"\" width=\"252\" height=\"300\" srcset=\"https:\/\/congresoaepap.org\/2025\/wp-content\/uploads\/2024\/07\/victoria_martinez_rubio-252x300.jpg 252w, https:\/\/congresoaepap.org\/2025\/wp-content\/uploads\/2024\/07\/victoria_martinez_rubio-859x1024.jpg 859w, https:\/\/congresoaepap.org\/2025\/wp-content\/uploads\/2024\/07\/victoria_martinez_rubio-768x915.jpg 768w, https:\/\/congresoaepap.org\/2025\/wp-content\/uploads\/2024\/07\/victoria_martinez_rubio.jpg 1250w\" sizes=\"auto, (max-width: 252px) 100vw, 252px\" \/><\/p>\n<p><span style=\"color: #000000;\">Victoria Mart\u00ednez Rubio<\/span><br \/>\n<span style=\"color: #000000;\">Coordinadora del 21\u00ba Congreso de Actualizaci\u00f3n en Pediatr\u00eda AEPap<\/span>[\/mk_fancy_title][mk_button dimension=\u00bbflat\u00bb size=\u00bbmedium\u00bb url=\u00bbhttps:\/\/congresoaepap.org\/2025\/presentacion\/\u00bb fullwidth=\u00bbtrue\u00bb bg_color=\u00bb#1e73be\u00bb]BIENVENIDA[\/mk_button][\/mk_custom_box][\/vc_column_inner][vc_column_inner width=\u00bb3\/4&#8243;][vc_column_text disable_pattern=\u00bbfalse\u00bb margin_bottom=\u00bb15&#8243; css=\u00bb.vc_custom_1726473506161{margin-bottom: 0px !important;}\u00bb]\n<h4><span style=\"color: #000000;\">Bienvenidos<\/span><\/h4>\n[\/vc_column_text][vc_column_text css=\u00bb.vc_custom_1726473335092{margin-bottom: 0px !important;}\u00bb]\u00danete a nosotros del 20 al 22 de febrero de 2025, en Madrid, para la edici\u00f3n 2025 que promete mantener nuestra tradici\u00f3n de excelencia. Queremos seguir mejorando el futuro de la pediatr\u00eda y de todos nuestros pacientes.[\/vc_column_text][mk_font_icons icon=\u00bbmk-icon-lightbulb-o\u00bb color=\u00bb#dd0044&#8243; size=\u00bbx-large\u00bb margin_horizental=\u00bb20&#8243; align=\u00bbleft\u00bb][vc_column_text css=\u00bb.vc_custom_1726473431943{margin-bottom: 0px !important;}\u00bb]\n<h5><span style=\"color: #dd0044;\">Lo \u00faltimo en pediatr\u00eda<\/span><\/h5>\n<p>Nuestro congreso de actualizaci\u00f3n te permite mantener al d\u00eda tus conocimientos de la mano de excelentes expertos.[\/vc_column_text][mk_font_icons icon=\u00bbmk-moon-contract\u00bb color=\u00bb#008bc1&#8243; size=\u00bbx-large\u00bb margin_horizental=\u00bb20&#8243; margin_vertical=\u00bb15&#8243; align=\u00bbleft\u00bb][vc_column_text css=\u00bb.vc_custom_1726473469859{margin-bottom: 0px !important;}\u00bb]\n<h5><span style=\"color: #008bc1;\">Oportunidades para compartir<\/span><\/h5>\n<p>En AEPap 2025 compartimos experiencias y conocimientos. Fomentamos las relaciones de amistad y compa\u00f1erismo entre todos los que tenemos a la pediatr\u00eda como eje profesional.[\/vc_column_text][mk_font_icons icon=\u00bbmk-icon-mortar-board\u00bb color=\u00bb#008a2E\u00bb size=\u00bbx-large\u00bb margin_horizental=\u00bb20&#8243; align=\u00bbleft\u00bb][vc_column_text css=\u00bb.vc_custom_1726473254825{margin-bottom: 0px !important;}\u00bb]\n<h5><span style=\"color: #008a2e;\">Crecimiento profesional<\/span><\/h5>\n<p>No importa si est\u00e1 buscando conocimiento, conocer colaboradores o tu pr\u00f3ximo reto profesional, AEPap 2025 es el lugar adecuado.[\/vc_column_text][\/vc_column_inner][\/vc_row_inner][\/vc_column][\/vc_row][vc_row fullwidth=\u00bbtrue\u00bb fullwidth_content=\u00bbfalse\u00bb css=\u00bb.vc_custom_1721211766577{background-color: #ffffff !important;}\u00bb][vc_column width=\u00bb1\/6&#8243;][\/vc_column][vc_column width=\u00bb2\/3&#8243;][mk_padding_divider][vc_column_text css=\u00bb.vc_custom_1726473747257{margin-bottom: 0px !important;}\u00bb]\n<h4>Fechas para recordar<\/h4>\n[\/vc_column_text][vc_column_text css=\u00bb.vc_custom_1724434904404{margin-bottom: 0px !important;}\u00bb](Todas las fechas y plazos se refieren a la hora peninsular espa\u00f1ola)[\/vc_column_text][vc_progress_bar values=\u00bb%5B%7B%22label%22%3A%22%3Cu%3E%3Cb%3E15%20DE%20SEPTIEMBRE%3C%2Fu%3E%20%20Apertura%20de%20ENV%C3%8DO%20DE%20COMUNICACIONES%3C%2Fb%3E%22%2C%22value%22%3A%22100%22%2C%22color%22%3A%22custom%22%2C%22customcolor%22%3A%22%23ffccff%22%2C%22customtxtcolor%22%3A%22%23000000%22%7D%2C%7B%22label%22%3A%22%3Cu%3E%3Cb%3E16%20DE%20NOVIEMBRE%3A%3C%2Fu%3E%20%20Apertura%20de%20INSCRIPCI%C3%93N%20SOCIOS%20DE%20AEPap%3C%2Fb%3E%22%2C%22value%22%3A%22100%22%2C%22color%22%3A%22custom%22%2C%22customcolor%22%3A%22%23008bc1%22%2C%22customtxtcolor%22%3A%22%23ffffff%22%7D%2C%7B%22label%22%3A%22%3Cu%3E%3Cb%3E20%20DE%20NOVIEMBRE%3A%3C%2Fu%3E%20%20Cierre%20de%20ENV%C3%8DO%20DE%20COMUNICACIONES%3C%2Fstrong%3E%3C%2Fb%3E%22%2C%22value%22%3A%22100%22%2C%22color%22%3A%22custom%22%2C%22customcolor%22%3A%22%23dd9933%22%2C%22customtxtcolor%22%3A%22%23000000%22%7D%2C%7B%22label%22%3A%22%3Cu%3E%3Cb%3E30%20DE%20NOVIEMBRE%3A%3C%2Fu%3E%20%20Apertura%20de%20INSCRIPCI%C3%93N%20NO%20SOCIOS%3C%2Fb%3E%22%2C%22value%22%3A%22100%22%2C%22color%22%3A%22custom%22%2C%22customcolor%22%3A%22%238224e3%22%2C%22customtxtcolor%22%3A%22%23ffffff%22%7D%2C%7B%22label%22%3A%22%3Cu%3E%3Cb%3E8%20DE%20ENERO%3A%3C%2Fu%3E%20%20Inicio%20del%20CURSO%20ONLINE%20(Moodle)%3C%2Fb%3E%22%2C%22value%22%3A%22100%22%2C%22color%22%3A%22custom%22%2C%22customcolor%22%3A%22%23008a2e%22%2C%22customtxtcolor%22%3A%22%23ffffff%22%7D%2C%7B%22label%22%3A%22%3Cu%3E%3Cb%3E20-22%20DE%20FEBRERO%202025%3A%3C%2Fu%3E%20Fase%20PRESENCIAL%20DEL%20CONGRESO%3C%2Fb%3E%22%2C%22value%22%3A%22100%22%2C%22color%22%3A%22bar_red%22%7D%2C%7B%22label%22%3A%22%3Cu%3E%3Cb%3E30%20DE%20MARZO%202025%3A%3C%2Fu%3E%20%20Cierre%20CURSO%20ONLINE%3C%2Fb%3E%22%2C%22value%22%3A%22100%22%2C%22color%22%3A%22custom%22%2C%22customcolor%22%3A%22%23EEEE22%22%2C%22customtxtcolor%22%3A%22%23000000%22%7D%5D\u00bb bgcolor=\u00bbcustom\u00bb options=\u00bbanimated\u00bb css=\u00bb\u00bb custombgcolor=\u00bb#008bc1&#8243; customtxtcolor=\u00bb#000000&#8243;][\/vc_column][vc_column width=\u00bb1\/6&#8243;][\/vc_column][\/vc_row][mk_page_section bg_color=\u00bb#f2f2f2&#8243; bg_position=\u00bbcenter center\u00bb bg_repeat=\u00bbno-repeat\u00bb bg_stretch=\u00bbtrue\u00bb full_width=\u00bbtrue\u00bb padding_top=\u00bb40&#8243; padding_bottom=\u00bb40&#8243; sidebar=\u00bbsidebar-1&#8243; first_page=\u00bbfalse\u00bb last_page=\u00bbfalse\u00bb][vc_column][vc_row_inner attached=\u00bbtrue\u00bb is_fullwidth_content=\u00bbfalse\u00bb column_padding=\u00bb2&#8243;][vc_column_inner width=\u00bb1\/3&#8243; css=\u00bb.vc_custom_1710616563658{background-image: url(https:\/\/congresoaepap.org\/2025\/wp-content\/uploads\/2023\/12\/orador.jpg?id=10662) !important;background-position: center !important;background-repeat: no-repeat !important;background-size: cover !important;border-radius: 25px !important;}\u00bb][mk_padding_divider size=\u00bb100&#8243;][mk_custom_box corner_radius=\u00bb25&#8243; margin_bottom=\u00bb\u00bb animation=\u00bbscale-up\u00bb bg_color=\u00bbrgba(255,255,255,0.75)\u00bb border_color_style=\u00bbsingle_color\u00bb border_color=\u00bb#dddddd\u00bb drop_shadow=\u00bbtrue\u00bb][mk_fancy_title color=\u00bb#1e73be\u00bb size=\u00bb32&#8243; force_font_size=\u00bbtrue\u00bb size_smallscreen=\u00bb20&#8243; size_tablet=\u00bb20&#8243; size_phone=\u00bb20&#8243; line_height=\u00bb110&#8243; font_weight=\u00bb100&#8243; font_style=\u00bbnormal\u00bb txt_transform=\u00bbnone\u00bb letter_spacing=\u00bb1&#8243; margin_top=\u00bb20&#8243; margin_bottom=\u00bb0&#8243; font_family=\u00bbImpact, Charcoal, sans-serif\u00bb font_type=\u00bbsafefont\u00bb align=\u00bbcenter\u00bb]\n<p style=\"text-align: center;\">AGENDA<br \/>\nPROGRAMA<\/p>\n[\/mk_fancy_title][mk_button dimension=\u00bbflat\u00bb corner_style=\u00bbrounded\u00bb size=\u00bblarge\u00bb url=\u00bbhttps:\/\/congresoaepap.org\/2025\/agenda\/\u00bb align=\u00bbcenter\u00bb bg_color=\u00bb#1e73be\u00bb btn_hover_bg=\u00bb#578fbf\u00bb btn_hover_txt_color=\u00bb#ffffff\u00bb]LEER M\u00c1S[\/mk_button][\/mk_custom_box][\/vc_column_inner][vc_column_inner width=\u00bb1\/3&#8243; css=\u00bb.vc_custom_1721212051911{background-image: url(https:\/\/congresoaepap.org\/2025\/wp-content\/uploads\/2024\/01\/computer.jpeg?id=10917) !important;background-position: center !important;background-repeat: no-repeat !important;background-size: cover !important;border-radius: 25px !important;}\u00bb][mk_padding_divider size=\u00bb100&#8243;][mk_custom_box corner_radius=\u00bb25&#8243; margin_bottom=\u00bb\u00bb animation=\u00bbscale-up\u00bb bg_color=\u00bbrgba(255,255,255,0.75)\u00bb border_color_style=\u00bbsingle_color\u00bb border_color=\u00bb#dddddd\u00bb drop_shadow=\u00bbtrue\u00bb][mk_fancy_title color=\u00bb#1e73be\u00bb size=\u00bb32&#8243; force_font_size=\u00bbtrue\u00bb size_smallscreen=\u00bb20&#8243; size_tablet=\u00bb20&#8243; size_phone=\u00bb20&#8243; line_height=\u00bb110&#8243; font_weight=\u00bb100&#8243; font_style=\u00bbnormal\u00bb txt_transform=\u00bbnone\u00bb letter_spacing=\u00bb1&#8243; margin_top=\u00bb20&#8243; margin_bottom=\u00bb0&#8243; font_family=\u00bbImpact, Charcoal, sans-serif\u00bb font_type=\u00bbsafefont\u00bb align=\u00bbcenter\u00bb]\n<p style=\"text-align: center;\">INSCRIPCI\u00d3N<br \/>\nONLINE<\/p>\n[\/mk_fancy_title][mk_button dimension=\u00bbflat\u00bb corner_style=\u00bbrounded\u00bb size=\u00bblarge\u00bb url=\u00bbhttps:\/\/congresoaepap.org\/2025\/inscripcion\/\u00bb align=\u00bbcenter\u00bb bg_color=\u00bb#1e73be\u00bb btn_hover_bg=\u00bb#578fbf\u00bb btn_hover_txt_color=\u00bb#ffffff\u00bb]PULSA AQU\u00cd[\/mk_button][\/mk_custom_box][\/vc_column_inner][vc_column_inner width=\u00bb1\/3&#8243; css=\u00bb.vc_custom_1749657755923{background-image: url(https:\/\/congresoaepap.org\/2025\/wp-content\/uploads\/2025\/06\/speaker-woman3.jpg?id=12084) !important;background-position: center !important;background-repeat: no-repeat !important;background-size: cover !important;border-radius: 25px !important;}\u00bb][mk_padding_divider size=\u00bb100&#8243;][mk_custom_box corner_radius=\u00bb25&#8243; margin_bottom=\u00bb\u00bb animation=\u00bbscale-up\u00bb bg_color=\u00bbrgba(255,255,255,0.75)\u00bb border_color_style=\u00bbsingle_color\u00bb border_color=\u00bb#dddddd\u00bb drop_shadow=\u00bbtrue\u00bb][mk_fancy_title color=\u00bb#1e73be\u00bb size=\u00bb32&#8243; force_font_size=\u00bbtrue\u00bb size_smallscreen=\u00bb20&#8243; size_tablet=\u00bb20&#8243; size_phone=\u00bb20&#8243; line_height=\u00bb110&#8243; font_weight=\u00bb100&#8243; font_style=\u00bbnormal\u00bb txt_transform=\u00bbnone\u00bb letter_spacing=\u00bb1&#8243; margin_top=\u00bb20&#8243; margin_bottom=\u00bb0&#8243; font_family=\u00bbImpact, Charcoal, sans-serif\u00bb font_type=\u00bbsafefont\u00bb align=\u00bbcenter\u00bb]\n<p style=\"text-align: center;\">TALLERES Y<br \/>\nSEMINARIOS<\/p>\n[\/mk_fancy_title][mk_button dimension=\u00bbflat\u00bb corner_style=\u00bbfull_rounded\u00bb size=\u00bblarge\u00bb url=\u00bbhttps:\/\/congresoaepap.org\/2025\/talleres-y-seminarios\/\u00bb align=\u00bbcenter\u00bb bg_color=\u00bb#1e73be\u00bb btn_hover_bg=\u00bb#578fbf\u00bb btn_hover_txt_color=\u00bb#ffffff\u00bb]MAS INFO[\/mk_button][\/mk_custom_box][\/vc_column_inner][\/vc_row_inner][\/vc_column][\/mk_page_section][mk_page_section bg_color=\u00bb#ffffff\u00bb bg_position=\u00bbcenter center\u00bb bg_repeat=\u00bbrepeat-x\u00bb full_width=\u00bbtrue\u00bb padding_top=\u00bb0&#8243; padding_bottom=\u00bb40&#8243; visibility=\u00bbhidden-sm\u00bb sidebar=\u00bbsidebar-1&#8243; first_page=\u00bbfalse\u00bb last_page=\u00bbfalse\u00bb][vc_column][vc_row_inner attached=\u00bbtrue\u00bb is_fullwidth_content=\u00bbfalse\u00bb column_padding=\u00bb2&#8243;][vc_column_inner width=\u00bb2\/5&#8243;][mk_custom_box corner_radius=\u00bb25&#8243; margin_bottom=\u00bb0&#8243; animation=\u00bbscale-up\u00bb bg_color=\u00bb#ffffff\u00bb border_color_style=\u00bbsingle_color\u00bb border_color=\u00bb#dddddd\u00bb elevation_effect=\u00bbtrue\u00bb][mk_circle_image src=\u00bbhttps:\/\/congresoaepap.org\/2025\/wp-content\/uploads\/2024\/03\/istock-1346575545-2048&#215;1537-1.jpg\u00bb image_diameter=\u00bb200&#8243;][vc_column_text css=\u00bb.vc_custom_1724436076771{margin-bottom: 0px !important;}\u00bb]\n<p style=\"text-align: center;\">S\u00edganos en las redes sociales y comp\u00e1rtelo con tus colegas y amigos<br \/>\n<strong>#AEPap2025<\/strong><\/p>\n[\/vc_column_text][mk_social_networks size=\u00bbx-large\u00bb style=\u00bbsimple\u00bb icon_color=\u00bb#008bc1&#8243; icon_hover_color=\u00bb#dd0044&#8243; align=\u00bbcenter\u00bb facebook=\u00bbhttps:\/\/www.facebook.com\/p\/Congreso-AEPap-100095136139836\/\u00bb twitter=\u00bbhttps:\/\/x.com\/CongresoAEPap\u00bb instagram=\u00bbhttps:\/\/www.instagram.com\/congreso_aepap_\/\u00bb linkedin=\u00bbhttps:\/\/www.linkedin.com\/in\/congreso-aepap-pediatr%C3%ADa-de-atenci%C3%B3n-primaria-en-espa%C3%B1a-198b1b291\/\u00bb][vc_column_text css=\u00bb.vc_custom_1724436118263{margin-bottom: 0px !important;}\u00bb]\n<p style=\"text-align: center;\">Quedan \n[\/vc_column_text][\/mk_custom_box][\/vc_column_inner][vc_column_inner width=\u00bb3\/5&#8243;][mk_padding_divider][mk_lcd_slideshow images=\u00bb11347,11341,11456,11342,11343,11344,11345,11340,11346,11304,11460&#8243;][\/vc_column_inner][vc_column_inner css=\u00bb.vc_custom_1724441024603{margin-top: -50px !important;border-top-width: -50px !important;padding-top: -50px !important;}\u00bb][vc_column_text css=\u00bb.vc_custom_1724433401365{margin-bottom: 0px !important;}\u00bb]<img loading=\"lazy\" decoding=\"async\" class=\"alignnone size-full wp-image-11316\" src=\"https:\/\/congresoaepap.org\/2025\/wp-content\/uploads\/2024\/07\/21-congreso-aepap-2025-lema.png\" alt=\"\" width=\"8203\" height=\"360\" srcset=\"https:\/\/congresoaepap.org\/2025\/wp-content\/uploads\/2024\/07\/21-congreso-aepap-2025-lema.png 8203w, https:\/\/congresoaepap.org\/2025\/wp-content\/uploads\/2024\/07\/21-congreso-aepap-2025-lema-300x13.png 300w, https:\/\/congresoaepap.org\/2025\/wp-content\/uploads\/2024\/07\/21-congreso-aepap-2025-lema-1024x45.png 1024w, https:\/\/congresoaepap.org\/2025\/wp-content\/uploads\/2024\/07\/21-congreso-aepap-2025-lema-768x34.png 768w, https:\/\/congresoaepap.org\/2025\/wp-content\/uploads\/2024\/07\/21-congreso-aepap-2025-lema-1536x67.png 1536w, https:\/\/congresoaepap.org\/2025\/wp-content\/uploads\/2024\/07\/21-congreso-aepap-2025-lema-2048x90.png 2048w\" sizes=\"auto, (max-width: 8203px) 100vw, 8203px\" \/>[\/vc_column_text][\/vc_column_inner][\/vc_row_inner][\/vc_column][\/mk_page_section][vc_row disable_element=\u00bbyes\u00bb][vc_column][vc_btn title=\u00bb\u00bfNECESITAS APARCAMIENTO PARA EL CONGRESO? CONSULTA LOS PARKINGS CERCANOS\u00bb style=\u00bbflat\u00bb shape=\u00bbsquare\u00bb color=\u00bbprimary\u00bb size=\u00bbsm\u00bb align=\u00bbright\u00bb i_icon_fontawesome=\u00bbfas fa-parking\u00bb css=\u00bb\u00bb add_icon=\u00bbtrue\u00bb link=\u00bburl:https%3A%2F%2Fcongresoaepap.org%2F2025%2Fsede%2F\u00bb][mk_padding_divider][mk_custom_box corner_radius=\u00bb6&#8243; padding_vertical=\u00bb40&#8243; bg_color=\u00bbrgba(255,255,255,0.41)\u00bb border_color_style=\u00bbsingle_color\u00bb border_color=\u00bb#d3d3d3&#8243;][vc_cta h2=\u00bb\u00bb h4=\u00bbMantente informado\u00bb txt_align=\u00bbcenter\u00bb shape=\u00bbsquare\u00bb style=\u00bboutline\u00bb color=\u00bbsky\u00bb add_button=\u00bbbottom\u00bb btn_title=\u00bbPRE-REGISTRO\u00bb btn_style=\u00bbcustom\u00bb btn_custom_background=\u00bb#1e73be\u00bb btn_custom_text=\u00bb#ffffff\u00bb btn_shape=\u00bbround\u00bb btn_size=\u00bblg\u00bb btn_align=\u00bbcenter\u00bb css_animation=\u00bbzoomIn\u00bb css=\u00bb.vc_custom_1726474705001{background-color: #ffffff !important;}\u00bb]No te pierdas ninguna informaci\u00f3n importante sobre el congreso[\/vc_cta][vc_column_text disable_pattern=\u00bbfalse\u00bb animation=\u00bbfade-in\u00bb css=\u00bb.vc_custom_1721214830076{margin-bottom: 0px !important;}\u00bb]\n<h5>Bienvenidos<\/h5>\n<p>En nombre de todo el comit\u00e9 Organizador tengo la satisfacci\u00f3n de presentaros <strong>la vig\u00e9sima primera edici\u00f3n de nuestro Congreso AEPap<\/strong>. En esta edici\u00f3n celebraremos 21 a\u00f1os de recorrido de un congreso que ha ido ganando en madurez, aumentando su oferta formativa, diversificando los formatos de aprendizaje y todo para ofrecer m\u00e1s en un tiempo ajustado y en un entorno que permita el encuentro y las relaciones personales y profesionales.<\/p>\n<p>Este a\u00f1o repetiremos\u00a0<strong>la sede para el congreso<\/strong>, el\u00a0<strong>Hotel Novotel Madrid Center, en la calle O\u00b4Donnell, n\u00ba 53,\u00a0<\/strong>a 5 minutos andando del estupendo parque madrile\u00f1o de El Retiro.[\/vc_column_text][\/mk_custom_box][\/vc_column][\/vc_row]\n<\/div>","protected":false},"excerpt":{"rendered":"<p>[vc_row fullwidth=\u00bbtrue\u00bb][vc_column css=\u00bb.vc_custom_1740867971077{margin-top: -20px !important;border-top-width: -20px !important;padding-top: -20px !important;}\u00bb][mk_edge_slider first_el=\u00bbtrue\u00bb swiper_bg=\u00bb\u00bb order=\u00bbASC\u00bb orderby=\u00bbpost__in\u00bb full_height=\u00bbfalse\u00bb height=\u00bb400&#8243; animation_effect=\u00bbfade\u00bb animation_speed=\u00bb800&#8243; direction_nav=\u00bbthumbflip\u00bb pagination=\u00bbsmall_dot_stroke\u00bb skip_arrow=\u00bbfalse\u00bb slides=\u00bb12077, 12069&#8243;][\/vc_column][\/vc_row][vc_row fullwidth=\u00bbtrue\u00bb fullwidth_content=\u00bbfalse\u00bb attached=\u00bbtrue\u00bb css=\u00bb.vc_custom_1740867057323{background-color: #F2F2F2 !important;border-color: #FFFFFF !important;}\u00bb][vc_column][vc_row_inner][vc_column_inner][\/vc_column_inner][\/vc_row_inner][vc_column_text css=\u00bb.vc_custom_1726206244354{margin-bottom: -20px !important;border-bottom-width: -20px !important;padding-bottom: -20px !important;}\u00bb][\/vc_column_text][vc_row_inner attached=\u00bbtrue\u00bb column_padding=\u00bb2&#8243; css=\u00bb.vc_custom_1726206297630{background-color: #F2F2F2 !important;border-color: #FFFFFF !important;}\u00bb][vc_column_inner width=\u00bb1\/4&#8243;][mk_padding_divider][mk_custom_box padding_vertical=\u00bb10&#8243; padding_horizental=\u00bb15&#8243; margin_bottom=\u00bb0&#8243; min_height=\u00bb20&#8243; drop_shadow=\u00bbtrue\u00bb][mk_fancy_title margin_bottom=\u00bb0&#8243; font_family=\u00bbnone\u00bb] Victoria Mart\u00ednez Rubio [&hellip;]<\/p>\n","protected":false},"author":3297,"featured_media":0,"parent":0,"menu_order":0,"comment_status":"closed","ping_status":"closed","template":"","meta":{"footnotes":""},"class_list":["post-10611","page","type-page","status-publish","hentry"],"publishpress_future_action":{"enabled":false,"date":"2026-05-09 02:01:58","action":"change-status","newStatus":"draft","terms":[],"taxonomy":"","extraData":[]},"publishpress_future_workflow_manual_trigger":{"enabledWorkflows":[]},"_links":{"self":[{"href":"https:\/\/congresoaepap.org\/2025\/wp-json\/wp\/v2\/pages\/10611","targetHints":{"allow":["GET"]}}],"collection":[{"href":"https:\/\/congresoaepap.org\/2025\/wp-json\/wp\/v2\/pages"}],"about":[{"href":"https:\/\/congresoaepap.org\/2025\/wp-json\/wp\/v2\/types\/page"}],"author":[{"embeddable":true,"href":"https:\/\/congresoaepap.org\/2025\/wp-json\/wp\/v2\/users\/3297"}],"replies":[{"embeddable":true,"href":"https:\/\/congresoaepap.org\/2025\/wp-json\/wp\/v2\/comments?post=10611"}],"version-history":[{"count":236,"href":"https:\/\/congresoaepap.org\/2025\/wp-json\/wp\/v2\/pages\/10611\/revisions"}],"predecessor-version":[{"id":12085,"href":"https:\/\/congresoaepap.org\/2025\/wp-json\/wp\/v2\/pages\/10611\/revisions\/12085"}],"wp:attachment":[{"href":"https:\/\/congresoaepap.org\/2025\/wp-json\/wp\/v2\/media?parent=10611"}],"curies":[{"name":"wp","href":"https:\/\/api.w.org\/{rel}","templated":true}]}}